{"id":27,"date":"2025-10-08T12:28:54","date_gmt":"2025-10-08T12:28:54","guid":{"rendered":"https:\/\/portanostra-mallorca.com\/?page_id=27"},"modified":"2025-10-12T09:40:40","modified_gmt":"2025-10-12T09:40:40","slug":"inicio","status":"publish","type":"page","link":"https:\/\/portanostra-mallorca.com\/","title":{"rendered":"PORTA NOSTRA"},"content":{"rendered":"\n<div class=\"wp-block-cover alignfull has-ast-global-color-4-color has-text-color has-link-color wp-elements-1\" style=\"min-height:720px;aspect-ratio:unset;\"><img loading=\"lazy\" decoding=\"async\" width=\"2048\" height=\"2048\" class=\"wp-block-cover__image-background wp-image-7 size-full\" alt=\"\" src=\"https:\/\/portanostra-mallorca.com\/wp-content\/uploads\/2025\/10\/Seedream-4-2025-09-27.jpg\" data-object-fit=\"cover\" srcset=\"https:\/\/portanostra-mallorca.com\/wp-content\/uploads\/2025\/10\/Seedream-4-2025-09-27.jpg 2048w, https:\/\/portanostra-mallorca.com\/wp-content\/uploads\/2025\/10\/Seedream-4-2025-09-27-300x300.jpg 300w, https:\/\/portanostra-mallorca.com\/wp-content\/uploads\/2025\/10\/Seedream-4-2025-09-27-1024x1024.jpg 1024w, https:\/\/portanostra-mallorca.com\/wp-content\/uploads\/2025\/10\/Seedream-4-2025-09-27-150x150.jpg 150w, https:\/\/portanostra-mallorca.com\/wp-content\/uploads\/2025\/10\/Seedream-4-2025-09-27-768x768.jpg 768w, https:\/\/portanostra-mallorca.com\/wp-content\/uploads\/2025\/10\/Seedream-4-2025-09-27-1536x1536.jpg 1536w\" sizes=\"auto, (max-width: 2048px) 100vw, 2048px\" \/><span aria-hidden=\"true\" class=\"wp-block-cover__background has-ast-global-color-6-background-color has-background-dim\"><\/span><div class=\"wp-block-cover__inner-container is-layout-flow wp-block-cover-is-layout-flow\">\n<div class=\"wp-block-group alignwide is-layout-grid wp-container-core-group-is-layout-e39da43a wp-block-group-is-layout-grid\"><\/div>\n<\/div><\/div>\n\n\n\n<div class=\"wp-block-group alignfull has-ast-global-color-5-background-color has-background has-global-padding is-layout-constrained wp-container-core-group-is-layout-da491d59 wp-block-group-is-layout-constrained\" style=\"padding-bottom:0px\">\n<h2 class=\"wp-block-heading\">\u00bfQui\u00e9nes Somos? Porta Nostra, La Confianza Inmobiliaria de Muro<\/h2>\n\n\n\n<p class=\"wp-block-paragraph\">Somos <strong>Porta Nostra<\/strong> (\u00abNuestra Puerta\u00bb), una inmobiliaria fundada y arraigada en <strong>Muro, Mallorca<\/strong>. Nuestra misi\u00f3n va m\u00e1s all\u00e1 de las transacciones: somos el socio local que garantiza que cada paso en el mercado inmobiliario sea seguro y rentable para usted.<\/p>\n\n\n\n<p class=\"wp-block-paragraph\">Combinamos un <strong>profundo conocimiento de Muro y su entorno<\/strong> \u2014desde las tranquilas calles del pueblo hasta las casas de campo y solares de mayor potencial\u2014 con las herramientas de marketing m\u00e1s modernas.<\/p>\n\n\n\n<h3 class=\"wp-block-heading\">Nuestro Compromiso<\/h3>\n\n\n\n<p class=\"wp-block-paragraph\">En Porta Nostra, nos comprometemos a ofrecer un servicio integral basado en la <strong>transparencia y la dedicaci\u00f3n<\/strong>:<\/p>\n\n\n\n<ul class=\"wp-block-list\">\n<li><strong>Experiencia Local:<\/strong> Conocemos los precios reales y las oportunidades ocultas de Muro como nadie m\u00e1s.<\/li>\n\n\n\n<li><strong>Gesti\u00f3n 360\u00ba:<\/strong> Cubrimos toda la necesidad inmobiliaria: <strong>Venta, Alquiler e Inversi\u00f3n<\/strong>.<\/li>\n\n\n\n<li><strong>Resultados:<\/strong> Nuestro objetivo es claro: conseguir la m\u00e1xima rentabilidad y el m\u00ednimo estr\u00e9s para nuestros clientes.<\/li>\n<\/ul>\n\n\n\n<p class=\"wp-block-paragraph\"><strong>Porta Nostra: Su proyecto inmobiliario comienza aqu\u00ed, con la experiencia de casa.<\/strong><\/p>\n<\/div>\n\n\n\n<div class=\"wp-block-group alignfull has-global-padding is-layout-constrained wp-container-core-group-is-layout-490a8359 wp-block-group-is-layout-constrained\" id=\"services\" style=\"padding-top:144px;padding-bottom:0px\">\n<h2 class=\"wp-block-heading\">NUESTROS SERVICIOS<\/h2>\n\n\n\n<div class=\"wp-block-columns is-layout-flex wp-container-core-columns-is-layout-2722bd16 wp-block-columns-is-layout-flex\" style=\"margin-top:50px\">\n<div class=\"wp-block-column is-vertically-aligned-top is-layout-flow wp-container-core-column-is-layout-2d092463 wp-block-column-is-layout-flow\">\n<figure class=\"wp-block-gallery has-nested-images columns-default is-cropped wp-block-gallery-1 is-layout-flex wp-block-gallery-is-layout-flex\">\n<figure class=\"wp-block-image size-full\"><img loading=\"lazy\" decoding=\"async\" width=\"397\" height=\"270\" data-id=\"74\" src=\"https:\/\/portanostra-mallorca.com\/wp-content\/uploads\/2025\/10\/OIP.webp\" alt=\"\" class=\"wp-image-74\" srcset=\"https:\/\/portanostra-mallorca.com\/wp-content\/uploads\/2025\/10\/OIP.webp 397w, https:\/\/portanostra-mallorca.com\/wp-content\/uploads\/2025\/10\/OIP-300x204.webp 300w\" sizes=\"auto, (max-width: 397px) 100vw, 397px\" \/><\/figure>\n<\/figure>\n\n\n\n<h3 class=\"wp-block-heading\" style=\"margin-top:16px\">ALQUILER<\/h3>\n\n\n\n<p class=\"wp-block-paragraph\"><strong>Rentabilidad sin Preocupaciones en Muro y Mallorca.<\/strong><\/p>\n\n\n\n<p class=\"wp-block-paragraph\">Poner su propiedad en alquiler nunca fue tan sencillo. En Porta Nostra, protegemos su patrimonio desde el primer d\u00eda. Realizamos un <strong>filtrado riguroso de inquilinos<\/strong> mediante estudios de solvencia detallados para asegurar la m\u00e1xima tranquilidad. Nos encargamos de la redacci\u00f3n de <strong>contratos legales actualizados<\/strong>, la gesti\u00f3n de fianzas y la resoluci\u00f3n de incidencias. Conf\u00edenos su villa o casa de campo para garantizar un flujo de ingresos estable y el <strong>cuidado profesional<\/strong> que su inversi\u00f3n merece. Su propiedad est\u00e1 en las mejores manos locales.<\/p>\n\n\n\n<div class=\"wp-block-columns is-layout-flex wp-container-core-columns-is-layout-3a88641f wp-block-columns-is-layout-flex\">\n<div class=\"wp-block-column is-layout-flow wp-block-column-is-layout-flow\" style=\"flex-basis:100%\">\n<div class=\"wp-block-buttons is-layout-flex wp-block-buttons-is-layout-flex\">\n<div class=\"wp-block-button\"><a class=\"wp-block-button__link wp-element-button\">\u00bfQUIERES ALQUILAR TU PROPIEDAD?<\/a><\/div>\n<\/div>\n<\/div>\n<\/div>\n\n\n\n<div class=\"wp-block-buttons is-layout-flex wp-block-buttons-is-layout-flex\">\n<div class=\"wp-block-button\"><a class=\"wp-block-button__link wp-element-button\">\u00bfBUSCAS PROPIEDAD PARA ALQUILAR?<\/a><\/div>\n<\/div>\n<\/div>\n\n\n\n<div class=\"wp-block-column is-layout-flow wp-container-core-column-is-layout-2d092463 wp-block-column-is-layout-flow\">\n<figure class=\"wp-block-image size-full\"><img loading=\"lazy\" decoding=\"async\" width=\"500\" height=\"334\" src=\"https:\/\/portanostra-mallorca.com\/wp-content\/uploads\/2025\/10\/VENTA.jpg\" alt=\"\" class=\"wp-image-79\" srcset=\"https:\/\/portanostra-mallorca.com\/wp-content\/uploads\/2025\/10\/VENTA.jpg 500w, https:\/\/portanostra-mallorca.com\/wp-content\/uploads\/2025\/10\/VENTA-300x200.jpg 300w\" sizes=\"auto, (max-width: 500px) 100vw, 500px\" \/><\/figure>\n\n\n\n<h3 class=\"wp-block-heading\" style=\"margin-top:16px\">VENTA<\/h3>\n\n\n\n<div class=\"wp-block-buttons is-layout-flex wp-block-buttons-is-layout-flex\">\n<div class=\"wp-block-button\"><a class=\"wp-block-button__link wp-element-button\">\u00bfQUIERES VENDER UNA PROPIEDAD?<\/a><\/div>\n\n\n\n<div class=\"wp-block-button\"><a class=\"wp-block-button__link wp-element-button\">\u00bfBUSCAS UNA PROPIEDAD PARA COMPRAR?<\/a><\/div>\n<\/div>\n\n\n\n<p class=\"wp-block-paragraph\"><strong>M\u00e1xima Rentabilidad y Venta \u00c1gil en Muro.<\/strong><\/p>\n\n\n\n<p class=\"wp-block-paragraph\">En Porta Nostra, no solo vendemos propiedades; las preparamos para el \u00e9xito. Combinamos nuestro <strong>conocimiento profundo del mercado de Muro<\/strong> con una estrategia de marketing <em>premium<\/em> (fotograf\u00eda profesional, tours 3D y m\u00e1xima visibilidad en portales). Le garantizamos una tasaci\u00f3n precisa, compradores cualificados y un <strong>proceso transparente y sin complicaciones<\/strong> hasta la firma final.<\/p>\n\n\n\n<p class=\"wp-block-paragraph\">\ud83d\udcbc Inversi\u00f3n Inmobiliaria.<\/p>\n<\/div>\n\n\n\n<div class=\"wp-block-column is-layout-flow wp-container-core-column-is-layout-2d092463 wp-block-column-is-layout-flow\">\n<figure class=\"wp-block-image size-full\"><img loading=\"lazy\" decoding=\"async\" width=\"403\" height=\"270\" src=\"https:\/\/portanostra-mallorca.com\/wp-content\/uploads\/2025\/10\/INVERSION.webp\" alt=\"\" class=\"wp-image-80\" srcset=\"https:\/\/portanostra-mallorca.com\/wp-content\/uploads\/2025\/10\/INVERSION.webp 403w, https:\/\/portanostra-mallorca.com\/wp-content\/uploads\/2025\/10\/INVERSION-300x201.webp 300w\" sizes=\"auto, (max-width: 403px) 100vw, 403px\" \/><\/figure>\n\n\n\n<h3 class=\"wp-block-heading\" style=\"margin-top:16px\">INVERSION<\/h3>\n\n\n\n<p class=\"wp-block-paragraph\"><strong>Invierta con Inteligencia en el Para\u00edso Mallorqu\u00edn.<\/strong><\/p>\n\n\n\n<p class=\"wp-block-paragraph\">Le asesoramos para capitalizar el potencial \u00fanico de Mallorca. Identificamos <strong>oportunidades con alta revalorizaci\u00f3n<\/strong> (solares, villas, casas de campo) y realizamos un <strong>an\u00e1lisis de viabilidad<\/strong> exhaustivo. Le guiamos en cada fase: desde la compra y la gesti\u00f3n de reformas hasta la venta o el alquiler posterior, asegurando que su capital crezca con seguridad y rentabilidad.<\/p>\n\n\n\n<div class=\"wp-block-buttons is-layout-flex wp-block-buttons-is-layout-flex\">\n<div class=\"wp-block-button\"><a class=\"wp-block-button__link wp-element-button\">PROPIEDADES DE INVERSION<\/a><\/div>\n<\/div>\n<\/div>\n<\/div>\n<\/div>\n\n\n\n<div class=\"wp-block-group alignfull has-ast-global-color-5-background-color has-background has-global-padding is-layout-constrained wp-container-core-group-is-layout-422780ae wp-block-group-is-layout-constrained\" id=\"about\" style=\"padding-top:143px;padding-bottom:144px\">\n<div class=\"wp-block-group alignfull has-global-padding is-layout-constrained wp-block-group-is-layout-constrained\">\n<div class=\"wp-block-media-text has-media-on-the-right is-stacked-on-mobile is-vertically-aligned-center\" style=\"grid-template-columns:auto 38%\"><div class=\"wp-block-media-text__content\">\n<p class=\"wp-block-paragraph\">POR QUE NOSOTROS:<\/p>\n\n\n\n<p class=\"wp-block-paragraph\">\u00bfPor Qu\u00e9 Elegir Porta Nostra? El Valor de la Diferencia En un mercado tan din\u00e1mico como el de Mallorca, no todas las agencias son iguales. Elegir a Porta Nostra significa elegir una ventaja competitiva. Nos centramos en tres pilares que garantizan el \u00e9xito de su operaci\u00f3n inmobiliaria en Muro y sus alrededores: <\/p>\n\n\n\n<p class=\"wp-block-paragraph\">1. Dominio Absoluto del Mercado Local (Muro) Mientras otras agencias cubren toda la isla de forma superficial, nosotros somos especialistas en Muro. Nuestro profundo conocimiento de la zona nos permite: Tasaciones Reales: Sabemos exactamente qu\u00e9 precio puede alcanzar su propiedad, no con estimaciones gen\u00e9ricas, sino bas\u00e1ndonos en transacciones recientes y la demanda espec\u00edfica de Muro. Conexiones Exclusivas: Acceso a una red de clientes e inversores que buscan activamente propiedades en esta localidad. Asesoramiento Legal Contextualizado: Manejamos con precisi\u00f3n las normativas y requisitos espec\u00edficos de esta zona de Mallorca, desde licencias tur\u00edsticas hasta normativas de fincas r\u00fasticas. <\/p>\n\n\n\n<p class=\"wp-block-paragraph\">2. Marketing Premium, Inversi\u00f3n a Riesgo Cero Invertimos significativamente en la promoci\u00f3n de su propiedad porque confiamos en el resultado. Nuestro compromiso es total: si conf\u00eda la exclusividad a Porta Nostra, obtendr\u00e1 un plan de marketing que reduce su tiempo de venta. Calidad Visual Superior: Solo trabajamos con fotograf\u00eda profesional de alto\u2026<\/p>\n<\/div><figure class=\"wp-block-media-text__media\"><img loading=\"lazy\" decoding=\"async\" width=\"1000\" height=\"666\" src=\"https:\/\/portanostra-mallorca.com\/wp-content\/uploads\/2025\/10\/pueblo-de-deia.jpg\" alt=\"\" class=\"wp-image-71 size-full\" srcset=\"https:\/\/portanostra-mallorca.com\/wp-content\/uploads\/2025\/10\/pueblo-de-deia.jpg 1000w, https:\/\/portanostra-mallorca.com\/wp-content\/uploads\/2025\/10\/pueblo-de-deia-300x200.jpg 300w, https:\/\/portanostra-mallorca.com\/wp-content\/uploads\/2025\/10\/pueblo-de-deia-768x511.jpg 768w\" sizes=\"auto, (max-width: 1000px) 100vw, 1000px\" \/><\/figure><\/div>\n<\/div>\n<\/div>\n\n\n\n<div class=\"wp-block-group alignfull has-ast-global-color-4-background-color has-background has-global-padding is-layout-constrained wp-container-core-group-is-layout-62a8619b wp-block-group-is-layout-constrained\" id=\"reviews\">\n<figure class=\"wp-block-image aligncenter size-full is-resized wp-duotone-unset-2\"><img loading=\"lazy\" decoding=\"async\" width=\"2048\" height=\"2048\" src=\"https:\/\/portanostra-mallorca.com\/wp-content\/uploads\/2025\/10\/Seedream-4-2025-09-27-1.jpg\" alt=\"\" class=\"wp-image-88\" style=\"width:88px;height:auto\" srcset=\"https:\/\/portanostra-mallorca.com\/wp-content\/uploads\/2025\/10\/Seedream-4-2025-09-27-1.jpg 2048w, https:\/\/portanostra-mallorca.com\/wp-content\/uploads\/2025\/10\/Seedream-4-2025-09-27-1-300x300.jpg 300w, https:\/\/portanostra-mallorca.com\/wp-content\/uploads\/2025\/10\/Seedream-4-2025-09-27-1-1024x1024.jpg 1024w, https:\/\/portanostra-mallorca.com\/wp-content\/uploads\/2025\/10\/Seedream-4-2025-09-27-1-150x150.jpg 150w, https:\/\/portanostra-mallorca.com\/wp-content\/uploads\/2025\/10\/Seedream-4-2025-09-27-1-768x768.jpg 768w, https:\/\/portanostra-mallorca.com\/wp-content\/uploads\/2025\/10\/Seedream-4-2025-09-27-1-1536x1536.jpg 1536w\" sizes=\"auto, (max-width: 2048px) 100vw, 2048px\" \/><\/figure>\n\n\n\n<p class=\"has-text-align-center wp-block-paragraph\" style=\"font-size:clamp(14.642px, 0.915rem + ((1vw - 3.2px) * 0.766), 22px);line-height:1.6\">\u00abDespu\u00e9s de buscar en varias inmobiliarias, la diferencia con Porta Nostra fue evidente. Su equipo conoce Muro y sus alrededores de forma incre\u00edble. Nos guiaron no solo en la compra de nuestra casa de campo, sino tambi\u00e9n con todas las gestiones legales y el potencial de inversi\u00f3n. Fue una transacci\u00f3n transparente y r\u00e1pida. No habr\u00edamos podido hacerlo sin su experiencia y profesionalidad. Los recomiendo al 100%.\u00bb<\/p>\n\n\n\n<p class=\"has-text-align-center wp-block-paragraph\" style=\"font-size:clamp(14.642px, 0.915rem + ((1vw - 3.2px) * 0.766), 22px);line-height:1.6\"><strong>\u2014 Carlos y Elena G. (Compradores en Muro)<\/strong>\u201d<\/p>\n\n\n\n<p class=\"has-text-align-center wp-block-paragraph\">\u00abDejar mi villa de alquiler en manos de Porta Nostra fue la mejor decisi\u00f3n. Como vivo fuera de Mallorca, necesitaba una gesti\u00f3n totalmente fiable. No solo encontraron inquilinos excelentes y solventes en tiempo r\u00e9cord, sino que se encargan de toda la burocracia y las peque\u00f1as incidencias. Gracias a su trabajo, cobro mis rentas con total tranquilidad y s\u00e9 que mi propiedad est\u00e1 perfectamente cuidada.\u00bb<\/p>\n\n\n\n<p class=\"has-text-align-center wp-block-paragraph\"><strong>\u2014 Sra. P. Oliver (Propietaria e Inversora)<\/strong><\/p>\n<\/div>\n\n\n\n<div class=\"wp-block-group alignfull has-background has-global-padding is-layout-constrained wp-container-core-group-is-layout-06537a7b wp-block-group-is-layout-constrained\" id=\"contact\" style=\"background:linear-gradient(35deg,rgb(6,0,151) 0%,rgb(130,4,255) 64%,rgb(193,15,255) 98%);padding-top:104px;padding-bottom:104px\">\n<div class=\"wp-block-buttons alignwide is-horizontal is-content-justification-center is-layout-flex wp-container-core-buttons-is-layout-e90cfa8d wp-block-buttons-is-layout-flex\" style=\"margin-top:50px\">\n<div class=\"wp-block-button\"><a class=\"wp-block-button__link wp-element-button\">CONT\u00c1CTANOS<\/a><\/div>\n<\/div>\n\n\n\n<h5 class=\"wp-block-heading has-text-align-center has-text-color\" style=\"color:#ffffff\"><\/h5>\n<\/div>\n","protected":false},"excerpt":{"rendered":"<p>\u00bfQui\u00e9nes Somos? Porta Nostra, La Confianza Inmobiliaria de Muro Somos Porta Nostra (\u00abNuestra Puerta\u00bb), una inmobiliaria fundada y arraigada en Muro, Mallorca. Nuestra misi\u00f3n va m\u00e1s all\u00e1 de las transacciones: somos el socio local que garantiza que cada paso en el mercado inmobiliario sea seguro y rentable para usted. Combinamos un profundo conocimiento de Muro [&hellip;]<\/p>\n","protected":false},"author":1,"featured_media":0,"parent":0,"menu_order":0,"comment_status":"closed","ping_status":"closed","template":"","meta":{"footnotes":""},"class_list":["post-27","page","type-page","status-publish","hentry"],"_links":{"self":[{"href":"https:\/\/portanostra-mallorca.com\/index.php?rest_route=\/wp\/v2\/pages\/27","targetHints":{"allow":["GET"]}}],"collection":[{"href":"https:\/\/portanostra-mallorca.com\/index.php?rest_route=\/wp\/v2\/pages"}],"about":[{"href":"https:\/\/portanostra-mallorca.com\/index.php?rest_route=\/wp\/v2\/types\/page"}],"author":[{"embeddable":true,"href":"https:\/\/portanostra-mallorca.com\/index.php?rest_route=\/wp\/v2\/users\/1"}],"replies":[{"embeddable":true,"href":"https:\/\/portanostra-mallorca.com\/index.php?rest_route=%2Fwp%2Fv2%2Fcomments&post=27"}],"version-history":[{"count":19,"href":"https:\/\/portanostra-mallorca.com\/index.php?rest_route=\/wp\/v2\/pages\/27\/revisions"}],"predecessor-version":[{"id":102,"href":"https:\/\/portanostra-mallorca.com\/index.php?rest_route=\/wp\/v2\/pages\/27\/revisions\/102"}],"wp:attachment":[{"href":"https:\/\/portanostra-mallorca.com\/index.php?rest_route=%2Fwp%2Fv2%2Fmedia&parent=27"}],"curies":[{"name":"wp","href":"https:\/\/api.w.org\/{rel}","templated":true}]}}